{"id":6873,"date":"2024-07-10T16:20:13","date_gmt":"2024-07-10T14:20:13","guid":{"rendered":"https:\/\/www.sjr-erlangen.de\/WP\/?page_id=6873"},"modified":"2024-09-17T12:56:55","modified_gmt":"2024-09-17T10:56:55","slug":"vielfalt-in-aktion","status":"publish","type":"page","link":"https:\/\/www.sjr-erlangen.de\/WP\/vielfalt-in-aktion\/","title":{"rendered":"Vielfalt in Aktion"},"content":{"rendered":"\t\t<div data-elementor-type=\"wp-page\" data-elementor-id=\"6873\" class=\"elementor elementor-6873\">\n\t\t\t\t\t\t<section class=\"elementor-section elementor-top-section elementor-element elementor-element-96fb3bd elementor-section-boxed elementor-section-height-default elementor-section-height-default\" data-id=\"96fb3bd\" data-element_type=\"section\" data-e-type=\"section\">\n\t\t\t\t\t\t<div class=\"elementor-container elementor-column-gap-default\">\n\t\t\t\t\t<div class=\"elementor-column elementor-col-100 elementor-top-column elementor-element elementor-element-1d983be\" data-id=\"1d983be\" data-element_type=\"column\" data-e-type=\"column\">\n\t\t\t<div class=\"elementor-widget-wrap elementor-element-populated\">\n\t\t\t\t\t\t<div class=\"elementor-element elementor-element-1db1775 elementor-widget elementor-widget-text-editor\" data-id=\"1db1775\" data-element_type=\"widget\" data-e-type=\"widget\" data-widget_type=\"text-editor.default\">\n\t\t\t\t<div class=\"elementor-widget-container\">\n\t\t\t\t\t\t\t\t\t<p><strong>Vielfalt in Aktion<\/strong><\/p><p><img fetchpriority=\"high\" decoding=\"async\" class=\"alignright wp-image-7077 size-full\" src=\"https:\/\/www.sjr-erlangen.de\/WP\/wp-content\/uploads\/2024\/09\/ViA_Header.jpg\" alt=\"\" width=\"672\" height=\"432\" srcset=\"https:\/\/www.sjr-erlangen.de\/WP\/wp-content\/uploads\/2024\/09\/ViA_Header.jpg 672w, https:\/\/www.sjr-erlangen.de\/WP\/wp-content\/uploads\/2024\/09\/ViA_Header-300x193.jpg 300w\" sizes=\"(max-width: 672px) 100vw, 672px\" \/><\/p><p>1 Abend \u2013 3 B\u00fchnen &#8211; 15 Projekte<\/p><p>Samstag, den 26.Oktober 2024, 18 bis 23 Uhr<\/p><p>E-Werk Erlangen (Fuchsenwiese 1, 91054 Erlangen)<\/p><p><a href=\"https:\/\/www.sjr-erlangen.de\/WP\/wp-content\/uploads\/2024\/09\/VielfaltinAktion_Flyer_Barrierefrei.pdf\" target=\"_blank\" rel=\"noopener\"><span data-teams=\"true\"><span class=\"ui-provider a b c d e f g h i j k l m n o p q r s t u v w x y z ab ac ae af ag ah ai aj ak\" dir=\"ltr\">Download Programmflyer<\/span><\/span><\/a><\/p><p>Die Partnerschaft f\u00fcr Demokratie in Erlangen f\u00f6rderte seit 2017 \u00fcber 70 Projekte aus den Bereichen Demokratief\u00f6rderung, Vielfaltgestaltung und Extremismuspr\u00e4vention. Die Projekte kommen von Erlanger Institutionen, Vereinen und der Zivilgesellschaft. \u00dcber die Jahre konnten zahlreiche Aktionen wie Demokratieworkshops an Schulen, Vortr\u00e4ge oder Vielfaltsfeste umgesetzt werden. Um dem Engagement der vielen Initiativen und Vereine Rechnung zu tragen, l\u00e4dt die Partnerschaft am 26.10.2024 ab 18 Uhr zu einem bunten Programmabend ein, bei welchem eine Auswahl der Projekte in Kurzform nochmal zu sehen sein wird. Freuen sie sich auf Musik, Politik und Theater \u2013 von ernsthaften Denkanst\u00f6\u00dfen bis glitzernden Performances \u2013 so vielf\u00e4ltig, wie wir selbst.<\/p><p><strong>Hinweis zur Barrierefreiheit:<br \/><\/strong><\/p><p>Das Kulturzentrum E-Werk ist f\u00fcr Rollstuhlfahrer*innen und Gehbehinderte problemlos zug\u00e4nglich. Hinweise zur Barrierefreiheit einzelner Programmpunkte finden Sie hier ab Oktober.<br \/>Sie haben Fragen zur Barrierefreiheit oder brauchen besondere Unterst\u00fctzung? Melden Sie sich bitte so bald wie m\u00f6glich unter<br \/>demokratieleben@sjr-erlangen.de<\/p>\t\t\t\t\t\t\t\t<\/div>\n\t\t\t\t<\/div>\n\t\t\t\t<div class=\"elementor-element elementor-element-85a763d elementor-widget elementor-widget-accordion\" data-id=\"85a763d\" data-element_type=\"widget\" data-e-type=\"widget\" data-widget_type=\"accordion.default\">\n\t\t\t\t<div class=\"elementor-widget-container\">\n\t\t\t\t\t\t\t<div class=\"elementor-accordion\">\n\t\t\t\t\t\t\t<div class=\"elementor-accordion-item\">\n\t\t\t\t\t<div id=\"elementor-tab-title-1401\" class=\"elementor-tab-title\" data-tab=\"1\" role=\"button\" aria-controls=\"elementor-tab-content-1401\" aria-expanded=\"false\">\n\t\t\t\t\t\t\t\t\t\t\t\t\t<span class=\"elementor-accordion-icon elementor-accordion-icon-left\" aria-hidden=\"true\">\n\t\t\t\t\t\t\t\t\t\t\t\t\t\t\t<span class=\"elementor-accordion-icon-closed\"><i class=\"fas fa-plus\"><\/i><\/span>\n\t\t\t\t\t\t\t\t<span class=\"elementor-accordion-icon-opened\"><i class=\"fas fa-minus\"><\/i><\/span>\n\t\t\t\t\t\t\t\t\t\t\t\t\t\t<\/span>\n\t\t\t\t\t\t\t\t\t\t\t\t<a class=\"elementor-accordion-title\" tabindex=\"0\">Programm Clubb\u00fchne<\/a>\n\t\t\t\t\t<\/div>\n\t\t\t\t\t<div id=\"elementor-tab-content-1401\" class=\"elementor-tab-content elementor-clearfix\" data-tab=\"1\" role=\"region\" aria-labelledby=\"elementor-tab-title-1401\"><p><strong>Er\u00f6ffnung 18 Uhr<\/strong><\/p><p>Er\u00f6ffnung des Abends mit OB Dr. Florian Janik.<\/p><p><strong>\u201eWir werden uns nie gekannt haben\u201c 18:15-18:45<\/strong><\/p><p>Von Valentina Eimer &amp; Victoria Maier<br \/>Ein performatives Teilen von Texten und Gedanken rund um das Erinnern an die Opfer der NS-Morde an Menschen mit Behinderung und Erkrankung in Erlangen. Basierend auf Elementen des Projekts ERBEESSEN.<\/p><p><strong>Act Now \u2013 theaterp\u00e4dagogische Demokratiebildung 19:00-19:30<\/strong><\/p><p>Von Creative Change<br \/>Eine gesellschaftliche, demokratierelevante Herausforderung wird bis zum H\u00f6hepunkt eines Dilemmas gespielt. Anschlie\u00dfend wird die Szene gemeinsam mit dem Publikum und mit Hilfe des Interaktiven Theaters ver\u00e4ndert. Demokratische Prozesse werden angesto\u00dfen, Perspektivwechsel erm\u00f6glicht und neue Handlungsoptionen er\u00f6ffnen sich.<\/p><p><strong>Die Berufung &#8211; Vorw\u00e4rts in die Vergangenheit 19:45-20:15<\/strong><\/p><p>Von Jennifer Sittler<br \/>Der Schauspieler Christian Wincierz spielt eine auf eine halbe Stunde gek\u00fcrzte Variante des urspr\u00fcnglichen Monologs, begleitet von zwei Mitspieler*innen &amp; Livemusik. Der Abend erz\u00e4hlt von der Entdeckung &amp; Aufarbeitung der NS-Vergangenheit des Gro\u00dfvaters &amp; zeigt die emotionale Entwicklung des Enkels w\u00e4hrend dieses Prozesses, von Trauer \u00fcber Wut zu Akzeptanz. Es ist ein Beitrag zum weitestgehend ausgeklammerten Bereich der NS-Aufarbeitung, n\u00e4mlich die Faschist*innen in der eigenen Familie zu finden &amp; wirklich anzusehen &#8211; und dabei den Humor nicht zu verlieren.<\/p><p><strong>NS-\u201eEuthanasie\u201c in Erlangen &#8211; Das organisierte Hungersterben: Tatort \u2013 T\u00e4ter \u2013 Widerstand 20:30-21:00<\/strong><\/p><p>Von Prof. Dr. med. Andreas Frewer &amp; Thomas Engelhardt<br \/>Die Referenten geben in zwei Kurzvortr\u00e4gen Einblick in die von ihnen herausgegebene Publikation \u00fcber die Erlanger Krankenmorde der NS-Zeit. Im Mittelpunkt stehen ihre Forschungsergebnisse zum organisierten Hungersterben in der HuPfla 1943-1945.<\/p><\/div>\n\t\t\t\t<\/div>\n\t\t\t\t\t\t\t<div class=\"elementor-accordion-item\">\n\t\t\t\t\t<div id=\"elementor-tab-title-1402\" class=\"elementor-tab-title\" data-tab=\"2\" role=\"button\" aria-controls=\"elementor-tab-content-1402\" aria-expanded=\"false\">\n\t\t\t\t\t\t\t\t\t\t\t\t\t<span class=\"elementor-accordion-icon elementor-accordion-icon-left\" aria-hidden=\"true\">\n\t\t\t\t\t\t\t\t\t\t\t\t\t\t\t<span class=\"elementor-accordion-icon-closed\"><i class=\"fas fa-plus\"><\/i><\/span>\n\t\t\t\t\t\t\t\t<span class=\"elementor-accordion-icon-opened\"><i class=\"fas fa-minus\"><\/i><\/span>\n\t\t\t\t\t\t\t\t\t\t\t\t\t\t<\/span>\n\t\t\t\t\t\t\t\t\t\t\t\t<a class=\"elementor-accordion-title\" tabindex=\"0\">Programm Kellerb\u00fchne<\/a>\n\t\t\t\t\t<\/div>\n\t\t\t\t\t<div id=\"elementor-tab-content-1402\" class=\"elementor-tab-content elementor-clearfix\" data-tab=\"2\" role=\"region\" aria-labelledby=\"elementor-tab-title-1402\"><p><strong>\u201eVersch\u00fcttete Pfade\u201c \u2013 der Komponist Viktor Ullmann 18:15-18:45<\/strong><\/p><p>Von Christoph Orendi<br \/>Der Erlanger Pianist Christoph Orendi spielt und erz\u00e4hlt \u00fcber Musik des lange in Vergessenheit geratenen Komponisten Viktor Ullmann. Freuen Sie sich auf Highlights der erfolgreichen 2023 von \u201eDemokratie leben!\u201c gef\u00f6rderten Konzertreihe \u201eVersch\u00fcttete Pfade\u201c.<\/p><p><strong>W\u00dcRDEMENSCHEN Ein partizipatives Kunstprojekt 19:00-19:30<\/strong><\/p><p>Von J\u00f6rg Amonat<br \/>Seit 2021 realisiert der K\u00fcnstler J\u00f6rg Amonat das Projekt W\u00dcRDEMENSCHEN in Erlangen. Eine Auswahl der aus dieser Arbeit entstandenen Texte werden am Demokratietag zu h\u00f6ren sein. Vorgetragen von Projektteilnehmer*innen und begleitet von musikalischen Improvisationen geben die Beitr\u00e4ge einen Eindruck davon, wie vielf\u00e4ltig die W\u00fcrde wahrgenommen wird.<\/p><p><strong>Viele Sprachen \u2013 Ein Poetry Slam 19:45-20:15<\/strong><\/p><p>Von Cris Ortega<br \/>Bei &#8222;Viele Sprachen, ein Poetry Slam&#8220; werden Personen in verschiedensten Sprachen ihre Texte pr\u00e4sentieren, die deutschen \u00dcbersetzungen werden parallel dazu projiziert. Und selbst wenn es mal an der Verst\u00e4ndigung hapert, gilt das Poetry Slam Motto: &#8222;If you don&#8217;t understand the poem, feel the poem&#8220;.<br \/>Die Texte werden auf Deutsch auf einer Leinwand projiziert.<\/p><p><strong>Drag Show 20:30-21:00<\/strong><\/p><p>Von MakeYourTownQuerr e.V.<\/p><p>Robyn Caskets and Blu Tung zeigen euch die Welt des Drag. Genie\u00dft eine abwechslungsreiche Show voller Gef\u00fchle, politischer Acts, schrecklicher Sch\u00f6nheit und fantastischem Drama.<\/p><p><strong>Konzert mit SANS FA\u00c7ON ab 21:15 Uhr<\/strong><\/p><p>Bei Konzerten begeistert die Band mit einer breiten Auswahl an Liedergenres, witzigen Anekdoten &amp; einer ansteckenden Leidenschaft f\u00fcr die franz\u00f6sische Musik. Seit \u00fcber 15 Jahren entf\u00fchrt sans fa\u00e7on das Publikum auf eine Reise durch die musikalische Landschaft Frankreichs. Lasst Euch vom franz\u00f6sischen S\u00e4nger &amp; seinen Musikern verf\u00fchren &amp; entdeckt die franz\u00f6sische Musik von gestern und heute.<\/p><\/div>\n\t\t\t\t<\/div>\n\t\t\t\t\t\t\t<div class=\"elementor-accordion-item\">\n\t\t\t\t\t<div id=\"elementor-tab-title-1403\" class=\"elementor-tab-title\" data-tab=\"3\" role=\"button\" aria-controls=\"elementor-tab-content-1403\" aria-expanded=\"false\">\n\t\t\t\t\t\t\t\t\t\t\t\t\t<span class=\"elementor-accordion-icon elementor-accordion-icon-left\" aria-hidden=\"true\">\n\t\t\t\t\t\t\t\t\t\t\t\t\t\t\t<span class=\"elementor-accordion-icon-closed\"><i class=\"fas fa-plus\"><\/i><\/span>\n\t\t\t\t\t\t\t\t<span class=\"elementor-accordion-icon-opened\"><i class=\"fas fa-minus\"><\/i><\/span>\n\t\t\t\t\t\t\t\t\t\t\t\t\t\t<\/span>\n\t\t\t\t\t\t\t\t\t\t\t\t<a class=\"elementor-accordion-title\" tabindex=\"0\">Programm Kino<\/a>\n\t\t\t\t\t<\/div>\n\t\t\t\t\t<div id=\"elementor-tab-content-1403\" class=\"elementor-tab-content elementor-clearfix\" data-tab=\"3\" role=\"region\" aria-labelledby=\"elementor-tab-title-1403\"><p><strong>Istanbul Konvention 18:15-18:45<\/strong><\/p><p>Von der Internationalen Frauengruppe<br \/>2022 initiierte Ursula Heintze mit der internationalen Frauengruppe Erlangen &amp; vielen anderen ein Filmprojekt. Dabei geht es um das \u00dcbereinkommen des Europarats zur Verh\u00fctung &amp; Bek\u00e4mpfung von Gewalt gegen Frauen &amp; h\u00e4uslicher Gewalt &#8211; die Istanbul-Konvention &#8211; und um die Umsetzung dieses Gesetzes. Das weitestgehend unbekannte Gesetz schafft seit dem 1. M\u00e4rz 2018 in Deutschland verbindliche Rechtsnormen. Der Film soll dazu beitragen, dass die Istanbul-Konvention kein vergessenes Gesetz bleibt &amp; dass alle in Deutschland lebenden Menschen dieses Gesetz &amp; die daraus resultierenden Handlungsm\u00f6glichkeiten einfordern k\u00f6nnen.<\/p><p><strong>Alltagsrassismus gegen Frauen 19:00-19:30<\/strong><\/p><p>Von der Internationalen Frauengruppe<br \/>Wo f\u00e4ngt Rassismus an? Sind \u00c4u\u00dferungen, die manche als Rassismus sehen, \u00fcberhaupt rassistisch gemeint? Wie erleben Menschen Rassismus im Alltag? Ausgehend vom Filmprojekt &#8222;Frauen gegen Rassismus&#8220; der Internationalen Frauengruppe Erlangen wollen wir ganz unterschiedliche Kurzfilme zeigen, die stereotype \u00c4u\u00dferungen &amp; Verhaltensweisen hinterfragen &amp; die Erfahrungen von Betroffenen aufzeigen.<\/p><p><strong>Haram \u2013 Nach einer wahren Geschichte 19:45-20:15<\/strong><\/p><p>Von den One Take Heroes<br \/>Der Film der entstanden an der Eichendorffschule Erlangen. Im Mittelpunkt steht Haram Dar, langj\u00e4hriger Sch\u00fclersprecher der Schule, der mit seiner Familie aus Pakistan nach Erlangen kam. Mit dem von Sch\u00fclerinnen und Sch\u00fclern gedrehten Kurzfilm gewann die \u201eFilmschule\u201c der Eichendorffschule 2021 den ersten Preis beim 68. Europ\u00e4ischen Wettbewerb \u201eDigital EU \u2013 and YOU?!\u201c, dem \u00e4ltesten Sch\u00fclerwettbewerb Europas.<br \/>Mit deutschen Untertiteln.<\/p><p><strong>Klima-Helden 20:30-21:00<\/strong><\/p><p>Von den One Take Heroes<br \/>Wieso ist Klimaschutz eigentlich nicht Bestandteil der Integrationskurse? Denn nur gemeinsam unter Aufbringung all unserer Ressourcen und Talente k\u00f6nnen wir dieses gigantische Problem l\u00f6sen. Mit diesen Fragen und Gedanken kam Ada, selbst gerade einen Integrationskurs besuchend auf uns zu und gemeinsam entstand die Idee einen narrativen Film zu produzieren, der genau diese Themen in Integrationskurse tragen kann.<br \/>Mit deutschen Untertiteln.<\/p><\/div>\n\t\t\t\t<\/div>\n\t\t\t\t\t\t\t<div class=\"elementor-accordion-item\">\n\t\t\t\t\t<div id=\"elementor-tab-title-1404\" class=\"elementor-tab-title\" data-tab=\"4\" role=\"button\" aria-controls=\"elementor-tab-content-1404\" aria-expanded=\"false\">\n\t\t\t\t\t\t\t\t\t\t\t\t\t<span class=\"elementor-accordion-icon elementor-accordion-icon-left\" aria-hidden=\"true\">\n\t\t\t\t\t\t\t\t\t\t\t\t\t\t\t<span class=\"elementor-accordion-icon-closed\"><i class=\"fas fa-plus\"><\/i><\/span>\n\t\t\t\t\t\t\t\t<span class=\"elementor-accordion-icon-opened\"><i class=\"fas fa-minus\"><\/i><\/span>\n\t\t\t\t\t\t\t\t\t\t\t\t\t\t<\/span>\n\t\t\t\t\t\t\t\t\t\t\t\t<a class=\"elementor-accordion-title\" tabindex=\"0\">Rahmenprogramm<\/a>\n\t\t\t\t\t<\/div>\n\t\t\t\t\t<div id=\"elementor-tab-content-1404\" class=\"elementor-tab-content elementor-clearfix\" data-tab=\"4\" role=\"region\" aria-labelledby=\"elementor-tab-title-1404\"><p><strong>Kontinuit\u00e4ten rechter Gewalt in Erlangen &#8211; Ein Rundgang zu Denkm\u00e4lern, Stolpersteinen und aktuellen Standorten 14:00 \u2013 16:00<\/strong><\/p><p>Der Stadtrundgang spannt den Bogen von der NS-Zeit bis in die Gegenwart &amp; wurde bereits mit \u00fcber 30 Schulklassen durchgef\u00fchrt. Rechtsextreme bzw. antisemitische Tendenzen kann man bis heute auch in Erlangen finden. B\u00fccherverbrennung, Euthanasie &amp; Antisemitismus sind ein Erbe, das nach 1945 nicht konsequent genug aufgearbeitet wurde. Auf dem Weg suchen wir Orte auf, die mit historischen Ereignissen verkn\u00fcpft sind, aber wir begeben uns auch an Stellen, die f\u00fcr das Fortleben des rechtsextremen Gedankenguts bis zum heutigen Tage stehen. Der Rundgang soll f\u00fcr die unheilvollen Kontinuit\u00e4ten sensibilisieren &amp; die aktuellen Diskussionen zur Erinnerungskultur aufzeigen.<\/p><p>Anmeldung bis 18.10.2024 unter demokratieleben@sjr-erlangen.de. Bitte teilen Sie uns auch mit, ob Sie eine Geb\u00e4rdensprachdolmetschung ben\u00f6tigen.<\/p><p><strong>living diversity \u2013 Ausstellung ab 18 Uhr<\/strong><\/p><p>Von Make Your Town Queer<\/p><p>Die Ausstellung &#8222;Living Diversity&#8220; pr\u00e4sentiert verschiedene queere Personen mit Ihrer eigenen, individuellen Geschichte. \u00dcber QR-Codes k\u00f6nnen Interviews abgerufen werden. In jedem Interview gehen die Personen explizit auf je ein Thema des queeren Lebens ein. Unter anderem auf: Outing, queere Geschichte, Antidiskriminierung, Ausgrenzung oder Travestie.<\/p><\/div>\n\t\t\t\t<\/div>\n\t\t\t\t\t\t\t\t<\/div>\n\t\t\t\t\t\t<\/div>\n\t\t\t\t<\/div>\n\t\t\t\t<div class=\"elementor-element elementor-element-d16b4a7 elementor-widget elementor-widget-text-editor\" data-id=\"d16b4a7\" data-element_type=\"widget\" data-e-type=\"widget\" data-widget_type=\"text-editor.default\">\n\t\t\t\t<div class=\"elementor-widget-container\">\n\t\t\t\t\t\t\t\t\t<p>Einlassvorbehalt: Die Veranstalter*innen behalten sich gem\u00e4\u00df \u00a7 6 VersG\/Art. 10 BayVersG vor, von ihrem Hausrecht Gebrauch zu machen und Personen, die neonazistischen Organisationen angeh\u00f6ren, der extrem rechten Szene zuzuordnen sind oder bereits in der Vergangenheit durch antisemitische, rassistische oder nationalistische \u00c4u\u00dferungen in Erscheinung getreten sind, den Zutritt zur Veranstaltung zu verwehren oder sie von dieser auszuschlie\u00dfen.<\/p>\t\t\t\t\t\t\t\t<\/div>\n\t\t\t\t<\/div>\n\t\t\t\t\t<\/div>\n\t\t<\/div>\n\t\t\t\t\t<\/div>\n\t\t<\/section>\n\t\t\t\t<\/div>\n\t\t","protected":false},"excerpt":{"rendered":"<p>Vielfalt in Aktion 1 Abend \u2013 3 B\u00fchnen &#8211; 15 Projekte Samstag, den 26.Oktober 2024, 18 bis 23 Uhr E-Werk Erlangen (Fuchsenwiese 1, 91054 Erlangen) Download Programmflyer Die Partnerschaft f\u00fcr [&hellip;]<\/p>\n","protected":false},"author":1,"featured_media":0,"parent":0,"menu_order":0,"comment_status":"closed","ping_status":"closed","template":"","meta":{"ocean_post_layout":"","ocean_both_sidebars_style":"","ocean_both_sidebars_content_width":0,"ocean_both_sidebars_sidebars_width":0,"ocean_sidebar":"","ocean_second_sidebar":"","ocean_disable_margins":"enable","ocean_add_body_class":"","ocean_shortcode_before_top_bar":"","ocean_shortcode_after_top_bar":"","ocean_shortcode_before_header":"","ocean_shortcode_after_header":"","ocean_has_shortcode":"","ocean_shortcode_after_title":"","ocean_shortcode_before_footer_widgets":"","ocean_shortcode_after_footer_widgets":"","ocean_shortcode_before_footer_bottom":"","ocean_shortcode_after_footer_bottom":"","ocean_display_top_bar":"default","ocean_display_header":"default","ocean_header_style":"","ocean_center_header_left_menu":"","ocean_custom_header_template":"","ocean_custom_logo":0,"ocean_custom_retina_logo":0,"ocean_custom_logo_max_width":0,"ocean_custom_logo_tablet_max_width":0,"ocean_custom_logo_mobile_max_width":0,"ocean_custom_logo_max_height":0,"ocean_custom_logo_tablet_max_height":0,"ocean_custom_logo_mobile_max_height":0,"ocean_header_custom_menu":"","ocean_menu_typo_font_family":"","ocean_menu_typo_font_subset":"","ocean_menu_typo_font_size":0,"ocean_menu_typo_font_size_tablet":0,"ocean_menu_typo_font_size_mobile":0,"ocean_menu_typo_font_size_unit":"px","ocean_menu_typo_font_weight":"","ocean_menu_typo_font_weight_tablet":"","ocean_menu_typo_font_weight_mobile":"","ocean_menu_typo_transform":"","ocean_menu_typo_transform_tablet":"","ocean_menu_typo_transform_mobile":"","ocean_menu_typo_line_height":0,"ocean_menu_typo_line_height_tablet":0,"ocean_menu_typo_line_height_mobile":0,"ocean_menu_typo_line_height_unit":"","ocean_menu_typo_spacing":0,"ocean_menu_typo_spacing_tablet":0,"ocean_menu_typo_spacing_mobile":0,"ocean_menu_typo_spacing_unit":"","ocean_menu_link_color":"","ocean_menu_link_color_hover":"","ocean_menu_link_color_active":"","ocean_menu_link_background":"","ocean_menu_link_hover_background":"","ocean_menu_link_active_background":"","ocean_menu_social_links_bg":"","ocean_menu_social_hover_links_bg":"","ocean_menu_social_links_color":"","ocean_menu_social_hover_links_color":"","ocean_disable_title":"default","ocean_disable_heading":"default","ocean_post_title":"","ocean_post_subheading":"","ocean_post_title_style":"","ocean_post_title_background_color":"","ocean_post_title_background":0,"ocean_post_title_bg_image_position":"","ocean_post_title_bg_image_attachment":"","ocean_post_title_bg_image_repeat":"","ocean_post_title_bg_image_size":"","ocean_post_title_height":0,"ocean_post_title_bg_overlay":0.5,"ocean_post_title_bg_overlay_color":"","ocean_disable_breadcrumbs":"default","ocean_breadcrumbs_color":"","ocean_breadcrumbs_separator_color":"","ocean_breadcrumbs_links_color":"","ocean_breadcrumbs_links_hover_color":"","ocean_display_footer_widgets":"default","ocean_display_footer_bottom":"default","ocean_custom_footer_template":"","footnotes":""},"class_list":["post-6873","page","type-page","status-publish","hentry","entry"],"yoast_head":"<!-- This site is optimized with the Yoast SEO plugin v27.4 - https:\/\/yoast.com\/product\/yoast-seo-wordpress\/ -->\n<title>Vielfalt in Aktion - SJR Erlangen<\/title>\n<meta name=\"robots\" content=\"index, follow, max-snippet:-1, max-image-preview:large, max-video-preview:-1\" \/>\n<link rel=\"canonical\" href=\"https:\/\/www.sjr-erlangen.de\/WP\/vielfalt-in-aktion\/\" \/>\n<meta property=\"og:locale\" content=\"de_DE\" \/>\n<meta property=\"og:type\" content=\"article\" \/>\n<meta property=\"og:title\" content=\"Vielfalt in Aktion - SJR Erlangen\" \/>\n<meta property=\"og:description\" content=\"Vielfalt in Aktion 1 Abend \u2013 3 B\u00fchnen &#8211; 15 Projekte Samstag, den 26.Oktober 2024, 18 bis 23 Uhr E-Werk Erlangen (Fuchsenwiese 1, 91054 Erlangen) Download Programmflyer Die Partnerschaft f\u00fcr [&hellip;]\" \/>\n<meta property=\"og:url\" content=\"https:\/\/www.sjr-erlangen.de\/WP\/vielfalt-in-aktion\/\" \/>\n<meta property=\"og:site_name\" content=\"SJR Erlangen\" \/>\n<meta property=\"article:modified_time\" content=\"2024-09-17T10:56:55+00:00\" \/>\n<meta property=\"og:image\" content=\"https:\/\/www.sjr-erlangen.de\/WP\/wp-content\/uploads\/2024\/09\/ViA_Header.jpg\" \/>\n<meta name=\"twitter:card\" content=\"summary_large_image\" \/>\n<meta name=\"twitter:label1\" content=\"Gesch\u00e4tzte Lesezeit\" \/>\n\t<meta name=\"twitter:data1\" content=\"7\u00a0Minuten\" \/>\n<script type=\"application\/ld+json\" class=\"yoast-schema-graph\">{\"@context\":\"https:\\\/\\\/schema.org\",\"@graph\":[{\"@type\":\"WebPage\",\"@id\":\"https:\\\/\\\/www.sjr-erlangen.de\\\/WP\\\/vielfalt-in-aktion\\\/\",\"url\":\"https:\\\/\\\/www.sjr-erlangen.de\\\/WP\\\/vielfalt-in-aktion\\\/\",\"name\":\"Vielfalt in Aktion - SJR Erlangen\",\"isPartOf\":{\"@id\":\"https:\\\/\\\/www.sjr-erlangen.de\\\/WP\\\/#website\"},\"primaryImageOfPage\":{\"@id\":\"https:\\\/\\\/www.sjr-erlangen.de\\\/WP\\\/vielfalt-in-aktion\\\/#primaryimage\"},\"image\":{\"@id\":\"https:\\\/\\\/www.sjr-erlangen.de\\\/WP\\\/vielfalt-in-aktion\\\/#primaryimage\"},\"thumbnailUrl\":\"https:\\\/\\\/www.sjr-erlangen.de\\\/WP\\\/wp-content\\\/uploads\\\/2024\\\/09\\\/ViA_Header.jpg\",\"datePublished\":\"2024-07-10T14:20:13+00:00\",\"dateModified\":\"2024-09-17T10:56:55+00:00\",\"breadcrumb\":{\"@id\":\"https:\\\/\\\/www.sjr-erlangen.de\\\/WP\\\/vielfalt-in-aktion\\\/#breadcrumb\"},\"inLanguage\":\"de\",\"potentialAction\":[{\"@type\":\"ReadAction\",\"target\":[\"https:\\\/\\\/www.sjr-erlangen.de\\\/WP\\\/vielfalt-in-aktion\\\/\"]}]},{\"@type\":\"ImageObject\",\"inLanguage\":\"de\",\"@id\":\"https:\\\/\\\/www.sjr-erlangen.de\\\/WP\\\/vielfalt-in-aktion\\\/#primaryimage\",\"url\":\"https:\\\/\\\/www.sjr-erlangen.de\\\/WP\\\/wp-content\\\/uploads\\\/2024\\\/09\\\/ViA_Header.jpg\",\"contentUrl\":\"https:\\\/\\\/www.sjr-erlangen.de\\\/WP\\\/wp-content\\\/uploads\\\/2024\\\/09\\\/ViA_Header.jpg\",\"width\":672,\"height\":432},{\"@type\":\"BreadcrumbList\",\"@id\":\"https:\\\/\\\/www.sjr-erlangen.de\\\/WP\\\/vielfalt-in-aktion\\\/#breadcrumb\",\"itemListElement\":[{\"@type\":\"ListItem\",\"position\":1,\"name\":\"Startseite\",\"item\":\"https:\\\/\\\/www.sjr-erlangen.de\\\/WP\\\/\"},{\"@type\":\"ListItem\",\"position\":2,\"name\":\"Vielfalt in Aktion\"}]},{\"@type\":\"WebSite\",\"@id\":\"https:\\\/\\\/www.sjr-erlangen.de\\\/WP\\\/#website\",\"url\":\"https:\\\/\\\/www.sjr-erlangen.de\\\/WP\\\/\",\"name\":\"SJR Erlangen\",\"description\":\"Herzlich willkommen auf den Seiten des Stadtjugendrings Erlangen!\",\"potentialAction\":[{\"@type\":\"SearchAction\",\"target\":{\"@type\":\"EntryPoint\",\"urlTemplate\":\"https:\\\/\\\/www.sjr-erlangen.de\\\/WP\\\/?s={search_term_string}\"},\"query-input\":{\"@type\":\"PropertyValueSpecification\",\"valueRequired\":true,\"valueName\":\"search_term_string\"}}],\"inLanguage\":\"de\"}]}<\/script>\n<!-- \/ Yoast SEO plugin. -->","yoast_head_json":{"title":"Vielfalt in Aktion - SJR Erlangen","robots":{"index":"index","follow":"follow","max-snippet":"max-snippet:-1","max-image-preview":"max-image-preview:large","max-video-preview":"max-video-preview:-1"},"canonical":"https:\/\/www.sjr-erlangen.de\/WP\/vielfalt-in-aktion\/","og_locale":"de_DE","og_type":"article","og_title":"Vielfalt in Aktion - SJR Erlangen","og_description":"Vielfalt in Aktion 1 Abend \u2013 3 B\u00fchnen &#8211; 15 Projekte Samstag, den 26.Oktober 2024, 18 bis 23 Uhr E-Werk Erlangen (Fuchsenwiese 1, 91054 Erlangen) Download Programmflyer Die Partnerschaft f\u00fcr [&hellip;]","og_url":"https:\/\/www.sjr-erlangen.de\/WP\/vielfalt-in-aktion\/","og_site_name":"SJR Erlangen","article_modified_time":"2024-09-17T10:56:55+00:00","og_image":[{"url":"https:\/\/www.sjr-erlangen.de\/WP\/wp-content\/uploads\/2024\/09\/ViA_Header.jpg","type":"","width":"","height":""}],"twitter_card":"summary_large_image","twitter_misc":{"Gesch\u00e4tzte Lesezeit":"7\u00a0Minuten"},"schema":{"@context":"https:\/\/schema.org","@graph":[{"@type":"WebPage","@id":"https:\/\/www.sjr-erlangen.de\/WP\/vielfalt-in-aktion\/","url":"https:\/\/www.sjr-erlangen.de\/WP\/vielfalt-in-aktion\/","name":"Vielfalt in Aktion - SJR Erlangen","isPartOf":{"@id":"https:\/\/www.sjr-erlangen.de\/WP\/#website"},"primaryImageOfPage":{"@id":"https:\/\/www.sjr-erlangen.de\/WP\/vielfalt-in-aktion\/#primaryimage"},"image":{"@id":"https:\/\/www.sjr-erlangen.de\/WP\/vielfalt-in-aktion\/#primaryimage"},"thumbnailUrl":"https:\/\/www.sjr-erlangen.de\/WP\/wp-content\/uploads\/2024\/09\/ViA_Header.jpg","datePublished":"2024-07-10T14:20:13+00:00","dateModified":"2024-09-17T10:56:55+00:00","breadcrumb":{"@id":"https:\/\/www.sjr-erlangen.de\/WP\/vielfalt-in-aktion\/#breadcrumb"},"inLanguage":"de","potentialAction":[{"@type":"ReadAction","target":["https:\/\/www.sjr-erlangen.de\/WP\/vielfalt-in-aktion\/"]}]},{"@type":"ImageObject","inLanguage":"de","@id":"https:\/\/www.sjr-erlangen.de\/WP\/vielfalt-in-aktion\/#primaryimage","url":"https:\/\/www.sjr-erlangen.de\/WP\/wp-content\/uploads\/2024\/09\/ViA_Header.jpg","contentUrl":"https:\/\/www.sjr-erlangen.de\/WP\/wp-content\/uploads\/2024\/09\/ViA_Header.jpg","width":672,"height":432},{"@type":"BreadcrumbList","@id":"https:\/\/www.sjr-erlangen.de\/WP\/vielfalt-in-aktion\/#breadcrumb","itemListElement":[{"@type":"ListItem","position":1,"name":"Startseite","item":"https:\/\/www.sjr-erlangen.de\/WP\/"},{"@type":"ListItem","position":2,"name":"Vielfalt in Aktion"}]},{"@type":"WebSite","@id":"https:\/\/www.sjr-erlangen.de\/WP\/#website","url":"https:\/\/www.sjr-erlangen.de\/WP\/","name":"SJR Erlangen","description":"Herzlich willkommen auf den Seiten des Stadtjugendrings Erlangen!","potentialAction":[{"@type":"SearchAction","target":{"@type":"EntryPoint","urlTemplate":"https:\/\/www.sjr-erlangen.de\/WP\/?s={search_term_string}"},"query-input":{"@type":"PropertyValueSpecification","valueRequired":true,"valueName":"search_term_string"}}],"inLanguage":"de"}]}},"_links":{"self":[{"href":"https:\/\/www.sjr-erlangen.de\/WP\/wp-json\/wp\/v2\/pages\/6873","targetHints":{"allow":["GET"]}}],"collection":[{"href":"https:\/\/www.sjr-erlangen.de\/WP\/wp-json\/wp\/v2\/pages"}],"about":[{"href":"https:\/\/www.sjr-erlangen.de\/WP\/wp-json\/wp\/v2\/types\/page"}],"author":[{"embeddable":true,"href":"https:\/\/www.sjr-erlangen.de\/WP\/wp-json\/wp\/v2\/users\/1"}],"replies":[{"embeddable":true,"href":"https:\/\/www.sjr-erlangen.de\/WP\/wp-json\/wp\/v2\/comments?post=6873"}],"version-history":[{"count":37,"href":"https:\/\/www.sjr-erlangen.de\/WP\/wp-json\/wp\/v2\/pages\/6873\/revisions"}],"predecessor-version":[{"id":7093,"href":"https:\/\/www.sjr-erlangen.de\/WP\/wp-json\/wp\/v2\/pages\/6873\/revisions\/7093"}],"wp:attachment":[{"href":"https:\/\/www.sjr-erlangen.de\/WP\/wp-json\/wp\/v2\/media?parent=6873"}],"curies":[{"name":"wp","href":"https:\/\/api.w.org\/{rel}","templated":true}]}}